{"id":59,"date":"2017-09-25T15:46:50","date_gmt":"2017-09-25T13:46:50","guid":{"rendered":"http:\/\/stlouisvincennes.fr\/?page_id=59"},"modified":"2025-12-04T19:30:00","modified_gmt":"2025-12-04T18:30:00","slug":"concerts","status":"publish","type":"page","link":"https:\/\/stlouisvincennes.fr\/index.php\/concerts\/","title":{"rendered":"Archives Concerts"},"content":{"rendered":"<div id=\"pl-59\"  class=\"panel-layout\" ><div id=\"pg-59-0\"  class=\"panel-grid panel-no-style\" ><div id=\"pgc-59-0-0\"  class=\"panel-grid-cell\" ><div id=\"panel-59-0-0-0\" class=\"so-panel widget widget_sow-editor panel-first-child panel-last-child\" data-index=\"0\" ><div\n\t\t\t\n\t\t\tclass=\"so-widget-sow-editor so-widget-sow-editor-base\"\n\t\t\t\n\t\t>\n<div class=\"siteorigin-widget-tinymce textwidget\">\n\t<h3><strong>\u00c0 SAINT-LOUIS DE VINCENNES<\/strong><\/h3>\n<p><img loading=\"lazy\" decoding=\"async\" src=\"https:\/\/stlouisvincennes.fr\/wp-content\/uploads\/2019\/03\/st-louis_3.jpg\" alt=\"\" width=\"248\" height=\"194\" class=\"wp-image-711 alignleft\" srcset=\"https:\/\/stlouisvincennes.fr\/wp-content\/uploads\/2019\/03\/st-louis_3.jpg 1021w, https:\/\/stlouisvincennes.fr\/wp-content\/uploads\/2019\/03\/st-louis_3-300x235.jpg 300w, https:\/\/stlouisvincennes.fr\/wp-content\/uploads\/2019\/03\/st-louis_3-768x602.jpg 768w\" sizes=\"auto, (max-width: 248px) 100vw, 248px\" \/><\/p>\n<p><img loading=\"lazy\" decoding=\"async\" src=\"https:\/\/stlouisvincennes.fr\/wp-content\/uploads\/2022\/09\/Saint-Louis_de_Vincennes.jpg\" alt=\"\" width=\"259\" height=\"194\" class=\"wp-image-1047 alignright\" srcset=\"https:\/\/stlouisvincennes.fr\/wp-content\/uploads\/2022\/09\/Saint-Louis_de_Vincennes.jpg 1200w, https:\/\/stlouisvincennes.fr\/wp-content\/uploads\/2022\/09\/Saint-Louis_de_Vincennes-300x225.jpg 300w, https:\/\/stlouisvincennes.fr\/wp-content\/uploads\/2022\/09\/Saint-Louis_de_Vincennes-1024x768.jpg 1024w, https:\/\/stlouisvincennes.fr\/wp-content\/uploads\/2022\/09\/Saint-Louis_de_Vincennes-768x576.jpg 768w\" sizes=\"auto, (max-width: 259px) 100vw, 259px\" \/><\/p>\n<p>&nbsp;<\/p>\n<p>&nbsp;<\/p>\n<p>&nbsp;<\/p>\n<p>&nbsp;<\/p>\n<p>&nbsp;<\/p>\n<p><strong>Samedi 17 septembre 2022 - Journ\u00e9es Europ\u00e9ennes du Patrimoine<\/strong><img loading=\"lazy\" decoding=\"async\" class=\"wp-image-479 alignright\" src=\"http:\/\/stlouisvincennes.fr\/wp-content\/uploads\/2018\/04\/SLV-coul-HD-237x300.jpg\" alt=\"\" height=\"27\" width=\"21\" \/><br \/>\n<img loading=\"lazy\" decoding=\"async\" src=\"https:\/\/stlouisvincennes.fr\/wp-content\/uploads\/2022\/07\/affiche-2209181.jpg\" alt=\"\" width=\"179\" height=\"253\" class=\"wp-image-1020 alignleft\" srcset=\"https:\/\/stlouisvincennes.fr\/wp-content\/uploads\/2022\/07\/affiche-2209181.jpg 595w, https:\/\/stlouisvincennes.fr\/wp-content\/uploads\/2022\/07\/affiche-2209181-212x300.jpg 212w\" sizes=\"auto, (max-width: 179px) 100vw, 179px\" \/><\/p>\n<p>Concert d'orgue \u00e0 20 h 30<\/p>\n<p>Anne-Adeline Lamy et Fran\u00e7ois Mazou\u00ebr, organistes \u00e0 Stz\u00a0Louis de Vincennes.<br \/>\n<em>Libre participation aux frais<\/em><\/p>\n<blockquote>\n<p>&nbsp;<\/p>\n<p>&nbsp;<\/p>\n<p>&nbsp;<\/p>\n<p>&nbsp;<\/p>\n<p>&nbsp;<\/p>\n<p><strong>Samedi 22 octobre 2022 \u00e0 20 h 30 <em>- <\/em>R\u00e9cital<\/strong><img decoding=\"async\" loading=\"lazy\" class=\"wp-image-504 alignright\" src=\"http:\/\/stlouisvincennes.fr\/wp-content\/uploads\/2018\/06\/logoverticalDegrade-1-218x300.jpg\" alt=\"\" height=\"29\" width=\"21\" \/><\/p>\n<p><a href=\"https:\/\/stlouisvincennes.fr\/wp-content\/uploads\/2020\/03\/les-mardis-de-l-orgue-s-acheveront-avec-un-recital-de_2503084.jpg\"><img decoding=\"async\" loading=\"lazy\" src=\"https:\/\/stlouisvincennes.fr\/wp-content\/uploads\/2020\/03\/les-mardis-de-l-orgue-s-acheveront-avec-un-recital-de_2503084.jpg\" alt=\"\" class=\"wp-image-946 alignleft\" srcset=\"https:\/\/stlouisvincennes.fr\/wp-content\/uploads\/2020\/03\/les-mardis-de-l-orgue-s-acheveront-avec-un-recital-de_2503084.jpg 433w, https:\/\/stlouisvincennes.fr\/wp-content\/uploads\/2020\/03\/les-mardis-de-l-orgue-s-acheveront-avec-un-recital-de_2503084-217x300.jpg 217w\" sizes=\"auto, (max-width: 149px) 100vw, 149px\" height=\"207\" width=\"149\" \/><\/a><br \/>\nVincent RIGOT : organiste titulaire de l'\u00e9glise de St-Roch (Paris)<br \/>\nProgramme : en attente<\/p>\n<p>Libre participation aux frais<\/p>\n<\/blockquote>\n<blockquote>\n<p>&nbsp;<\/p>\n<p>&nbsp;<\/p>\n<p>&nbsp;<\/p>\n<p><strong>\u00a0 \u00a0 <\/strong><\/p>\n<p><strong>Samedi 12 novembre 2022 \u00e0 20 h 30 <em>- <\/em>R\u00e9cital<\/strong><img decoding=\"async\" loading=\"lazy\" class=\"wp-image-504 alignright\" src=\"http:\/\/stlouisvincennes.fr\/wp-content\/uploads\/2018\/06\/logoverticalDegrade-1-218x300.jpg\" alt=\"\" height=\"29\" width=\"21\" \/><\/p>\n<p><img loading=\"lazy\" decoding=\"async\" src=\"https:\/\/stlouisvincennes.fr\/wp-content\/uploads\/2022\/09\/image-2.jpeg\" alt=\"\" width=\"170\" height=\"176\" class=\"wp-image-1028 alignleft\" srcset=\"https:\/\/stlouisvincennes.fr\/wp-content\/uploads\/2022\/09\/image-2.jpeg 2000w, https:\/\/stlouisvincennes.fr\/wp-content\/uploads\/2022\/09\/image-2-289x300.jpeg 289w, https:\/\/stlouisvincennes.fr\/wp-content\/uploads\/2022\/09\/image-2-987x1024.jpeg 987w, https:\/\/stlouisvincennes.fr\/wp-content\/uploads\/2022\/09\/image-2-768x797.jpeg 768w, https:\/\/stlouisvincennes.fr\/wp-content\/uploads\/2022\/09\/image-2-1480x1536.jpeg 1480w, https:\/\/stlouisvincennes.fr\/wp-content\/uploads\/2022\/09\/image-2-1974x2048.jpeg 1974w\" sizes=\"auto, (max-width: 170px) 100vw, 170px\" \/>Anne-Adeline LAMY : Organiste de l'\u00e9glise St-Louis de Vincennes et de ND de la Nativit\u00e9 (Paris 12\u00e8)<\/p>\n<p>Programme : Bach, Couperin, Liszt, Vierne, Alain<\/p>\n<p>Libre participation aux frais<\/p>\n<\/blockquote>\n<blockquote>\n<p>&nbsp;<\/p>\n<p>&nbsp;<\/p>\n<p>&nbsp;<\/p>\n<p style=\"text-align: left;\"><strong>\u00a0 \u00a0 \u00a0 \u00a0 \u00a0 \u00a0 \u00a0 \u00a0 \u00a0 \u00a0 \u00a0 \u00a0 \u00a0 \u00a0 \u00a0 \u00a0 \u00a0 \u00a0 <\/strong><\/p>\n<p style=\"text-align: left;\"><strong>\u00a0 \u00a0 \u00a0 \u00a0 \u00a0 \u00a0 \u00a0 \u00a0 \u00a0 \u00a0 \u00a0 \u00a0 \u00a0 \u00a0 \u00a0 \u00a0 \u00a0 \u00a0 \u00a0 \u00a0 \u00a0 \u00a0 \u00a0 \u00a0 \u00a0 \u00a0 \u00a0 \u00a0 \u00a0 \u00a0 \u00a0 \u00a0 \u00a0 \u00a0 \u00a0 \u00a0 \u00a0 \u00a0 \u00a0 \u00a0 \u00a0 <\/strong><\/p>\n<p style=\"text-align: left;\"><strong>Samedi 10 d\u00e9cembre 2022 \u00e0 20 h 30 - R\u00e9cital<img decoding=\"async\" loading=\"lazy\" class=\"wp-image-504 alignright\" src=\"http:\/\/stlouisvincennes.fr\/wp-content\/uploads\/2018\/06\/logoverticalDegrade-1-218x300.jpg\" alt=\"\" height=\"29\" width=\"21\" \/><\/strong><\/p>\n<p><img loading=\"lazy\" decoding=\"async\" src=\"https:\/\/stlouisvincennes.fr\/wp-content\/uploads\/2022\/09\/maxresdefault.jpg\" alt=\"\" width=\"330\" height=\"186\" class=\"wp-image-1030 alignleft\" srcset=\"https:\/\/stlouisvincennes.fr\/wp-content\/uploads\/2022\/09\/maxresdefault.jpg 1280w, https:\/\/stlouisvincennes.fr\/wp-content\/uploads\/2022\/09\/maxresdefault-300x169.jpg 300w, https:\/\/stlouisvincennes.fr\/wp-content\/uploads\/2022\/09\/maxresdefault-1024x576.jpg 1024w, https:\/\/stlouisvincennes.fr\/wp-content\/uploads\/2022\/09\/maxresdefault-768x432.jpg 768w\" sizes=\"auto, (max-width: 330px) 100vw, 330px\" \/>Christophe MARTIN MA\u00cbDER, organiste de l'\u00e9glise St-Augustin (Paris 8\u00e8)<\/p>\n<p>Programme : Vierne, Widor, Lefebure-W\u00e9ly, Gigout, Langlais, Piern\u00e9, Demessieux, Alain<\/p>\n<p><strong>Transmission du concert sur grand \u00e9cran<\/strong><\/p>\n<p>Libre participation aux frais<\/p>\n<\/blockquote>\n<blockquote>\n<p>&nbsp;<\/p>\n<p>&nbsp;<\/p>\n<p>&nbsp;<\/p>\n<p><strong>Samedi 14 janvier 2023 \u00e0 20 h 30 - R\u00e9cital<img decoding=\"async\" loading=\"lazy\" class=\"wp-image-504 alignright\" src=\"http:\/\/stlouisvincennes.fr\/wp-content\/uploads\/2018\/06\/logoverticalDegrade-1-218x300.jpg\" alt=\"\" height=\"29\" width=\"21\" \/><\/strong><\/p>\n<p><img loading=\"lazy\" decoding=\"async\" src=\"https:\/\/stlouisvincennes.fr\/wp-content\/uploads\/2022\/09\/maxresdefault-1.jpg\" alt=\"\" width=\"330\" height=\"186\" class=\"wp-image-1031 alignleft\" srcset=\"https:\/\/stlouisvincennes.fr\/wp-content\/uploads\/2022\/09\/maxresdefault-1.jpg 1280w, https:\/\/stlouisvincennes.fr\/wp-content\/uploads\/2022\/09\/maxresdefault-1-300x169.jpg 300w, https:\/\/stlouisvincennes.fr\/wp-content\/uploads\/2022\/09\/maxresdefault-1-1024x576.jpg 1024w, https:\/\/stlouisvincennes.fr\/wp-content\/uploads\/2022\/09\/maxresdefault-1-768x432.jpg 768w\" sizes=\"auto, (max-width: 330px) 100vw, 330px\" \/>Jean-Marc LEBLANC, organiste de l'\u00e9glise\u00a0St-Thomas d'Aquin (Paris 7\u00e8)<\/p>\n<p>Programme : Tournemire , Daniel -Lesur<\/p>\n<p>Libre participation aux frais<\/p>\n<\/blockquote>\n<blockquote>\n<p>&nbsp;<\/p>\n<p>&nbsp;<\/p>\n<p>&nbsp;<\/p>\n<p>&nbsp;<\/p>\n<p><strong>Samedi 11 f\u00e9vrier 2023 \u00e0 20 h 30 - R\u00e9cital<img decoding=\"async\" loading=\"lazy\" class=\"wp-image-504 alignright\" src=\"http:\/\/stlouisvincennes.fr\/wp-content\/uploads\/2018\/06\/logoverticalDegrade-1-218x300.jpg\" alt=\"\" height=\"29\" width=\"21\" \/><\/strong><\/p>\n<p><img loading=\"lazy\" decoding=\"async\" src=\"https:\/\/stlouisvincennes.fr\/wp-content\/uploads\/2022\/09\/Capture-decran-2022-09-19-194456.png\" alt=\"\" width=\"329\" height=\"236\" class=\"wp-image-1032 alignleft\" srcset=\"https:\/\/stlouisvincennes.fr\/wp-content\/uploads\/2022\/09\/Capture-decran-2022-09-19-194456.png 746w, https:\/\/stlouisvincennes.fr\/wp-content\/uploads\/2022\/09\/Capture-decran-2022-09-19-194456-300x215.png 300w\" sizes=\"auto, (max-width: 329px) 100vw, 329px\" \/>J\u00e9r\u00f4me Tonnelier, organiste de l'\u00e9glise ND de Saint-Mand\u00e9 (94)<\/p>\n<p>Programme : en attente<\/p>\n<p>Libre participation aux frais<\/p>\n<\/blockquote>\n<h3><\/h3>\n<h3><\/h3>\n<h3><strong>\u00c0 NOTRE DAME DE SAINT-MAND\u00c9<\/strong><\/h3>\n<h3><img loading=\"lazy\" decoding=\"async\" src=\"https:\/\/stlouisvincennes.fr\/wp-content\/uploads\/2022\/09\/Capture-decran-2022-09-20-180530-1.png\" alt=\"\" width=\"185\" height=\"202\" class=\"size-full wp-image-1043 alignleft\" \/><\/h3>\n<h3><strong><img loading=\"lazy\" decoding=\"async\" src=\"https:\/\/stlouisvincennes.fr\/wp-content\/uploads\/2022\/09\/maxresdefault-2.jpg\" alt=\"\" width=\"353\" height=\"198\" class=\" wp-image-1046 alignright\" srcset=\"https:\/\/stlouisvincennes.fr\/wp-content\/uploads\/2022\/09\/maxresdefault-2.jpg 1280w, https:\/\/stlouisvincennes.fr\/wp-content\/uploads\/2022\/09\/maxresdefault-2-300x169.jpg 300w, https:\/\/stlouisvincennes.fr\/wp-content\/uploads\/2022\/09\/maxresdefault-2-1024x576.jpg 1024w, https:\/\/stlouisvincennes.fr\/wp-content\/uploads\/2022\/09\/maxresdefault-2-768x432.jpg 768w\" sizes=\"auto, (max-width: 353px) 100vw, 353px\" \/><\/strong><\/h3>\n<p>&nbsp;<\/p>\n<p>&nbsp;<\/p>\n<p>&nbsp;<\/p>\n<p>&nbsp;<\/p>\n<p>&nbsp;<\/p>\n<p>&nbsp;<\/p>\n<p><strong>Samedi 19 mars 2023 \u00e0 20 h 30 - R\u00e9cital\u00a0 \u00a0 \u00a0 \u00a0 \u00a0 \u00a0 \u00a0 \u00a0 \u00a0 \u00a0 \u00a0 \u00a0 \u00a0 \u00a0 \u00a0 \u00a0 \u00a0 \u00a0 \u00a0 \u00a0 \u00a0 \u00a0 \u00a0 \u00a0 \u00a0 \u00a0 \u00a0 \u00a0 \u00a0 \u00a0 \u00a0 \u00a0 \u00a0 \u00a0 \u00a0 \u00a0 \u00a0 \u00a0 \u00a0<\/strong><\/p>\n<p><img loading=\"lazy\" decoding=\"async\" src=\"https:\/\/stlouisvincennes.fr\/wp-content\/uploads\/2022\/09\/image-2.jpeg\" alt=\"\" width=\"169\" height=\"175\" class=\"wp-image-1028 alignleft\" srcset=\"https:\/\/stlouisvincennes.fr\/wp-content\/uploads\/2022\/09\/image-2.jpeg 2000w, https:\/\/stlouisvincennes.fr\/wp-content\/uploads\/2022\/09\/image-2-289x300.jpeg 289w, https:\/\/stlouisvincennes.fr\/wp-content\/uploads\/2022\/09\/image-2-987x1024.jpeg 987w, https:\/\/stlouisvincennes.fr\/wp-content\/uploads\/2022\/09\/image-2-768x797.jpeg 768w, https:\/\/stlouisvincennes.fr\/wp-content\/uploads\/2022\/09\/image-2-1480x1536.jpeg 1480w, https:\/\/stlouisvincennes.fr\/wp-content\/uploads\/2022\/09\/image-2-1974x2048.jpeg 1974w\" sizes=\"auto, (max-width: 169px) 100vw, 169px\" \/><img loading=\"lazy\" decoding=\"async\" src=\"https:\/\/stlouisvincennes.fr\/wp-content\/uploads\/2022\/09\/ob_1b90cf_orgue-mmo-03082016-4-e1663690816247.jpg\" alt=\"\" width=\"237\" height=\"178\" class=\"wp-image-1044 alignleft\" srcset=\"https:\/\/stlouisvincennes.fr\/wp-content\/uploads\/2022\/09\/ob_1b90cf_orgue-mmo-03082016-4-e1663690816247.jpg 780w, https:\/\/stlouisvincennes.fr\/wp-content\/uploads\/2022\/09\/ob_1b90cf_orgue-mmo-03082016-4-e1663690816247-300x225.jpg 300w, https:\/\/stlouisvincennes.fr\/wp-content\/uploads\/2022\/09\/ob_1b90cf_orgue-mmo-03082016-4-e1663690816247-768x576.jpg 768w\" sizes=\"auto, (max-width: 237px) 100vw, 237px\" \/>Anne-Adeline LAMY et Fran\u00e7ois MAZOU\u00cbR organistes de l'\u00e9glise St-Louis de Vincennes\u00a0 (94)<\/p>\n<p>Programme : en attente<\/p>\n<p>Libre participation aux frais<\/p>\n<p>&nbsp;<\/p>\n<p>&nbsp;<\/p>\n<p><strong>Samedi 16 avril 2023 \u00e0 20 h 30 - R\u00e9cital<\/strong><\/p>\n<p><img loading=\"lazy\" decoding=\"async\" src=\"https:\/\/stlouisvincennes.fr\/wp-content\/uploads\/2022\/09\/portrait-photo-laurent-jochum-organiste-concertiste-mardibleu.fr-0007.jpg\" alt=\"\" width=\"199\" height=\"299\" class=\"wp-image-1045 alignleft\" srcset=\"https:\/\/stlouisvincennes.fr\/wp-content\/uploads\/2022\/09\/portrait-photo-laurent-jochum-organiste-concertiste-mardibleu.fr-0007.jpg 850w, https:\/\/stlouisvincennes.fr\/wp-content\/uploads\/2022\/09\/portrait-photo-laurent-jochum-organiste-concertiste-mardibleu.fr-0007-200x300.jpg 200w, https:\/\/stlouisvincennes.fr\/wp-content\/uploads\/2022\/09\/portrait-photo-laurent-jochum-organiste-concertiste-mardibleu.fr-0007-683x1024.jpg 683w, https:\/\/stlouisvincennes.fr\/wp-content\/uploads\/2022\/09\/portrait-photo-laurent-jochum-organiste-concertiste-mardibleu.fr-0007-768x1152.jpg 768w\" sizes=\"auto, (max-width: 199px) 100vw, 199px\" \/><\/p>\n<p>Laurent JOCHUM, organiste de l'\u00e9glise St-Jean-Baptiste de Belleville (Paris)<\/p>\n<p>Programme : en attente<\/p>\n<p>Libre participation aux frais<\/p>\n<blockquote>\n<p>&nbsp;<\/p>\n<p>&nbsp;<\/p>\n<p>&nbsp;<\/p>\n<p>&nbsp;<\/p>\n<p>&nbsp;<\/p>\n<p>&nbsp;<\/p>\n<p>&nbsp;<\/p>\n<p><strong>Samedi 14 mai 2023 \u00e0 20 h 30 - R\u00e9cital<\/strong><\/p>\n<p><img loading=\"lazy\" decoding=\"async\" src=\"https:\/\/stlouisvincennes.fr\/wp-content\/uploads\/2022\/09\/Capture-decran-2022-09-19-194456.png\" alt=\"\" width=\"329\" height=\"236\" class=\"wp-image-1032 alignleft\" srcset=\"https:\/\/stlouisvincennes.fr\/wp-content\/uploads\/2022\/09\/Capture-decran-2022-09-19-194456.png 746w, https:\/\/stlouisvincennes.fr\/wp-content\/uploads\/2022\/09\/Capture-decran-2022-09-19-194456-300x215.png 300w\" sizes=\"auto, (max-width: 329px) 100vw, 329px\" \/>J\u00e9r\u00f4me Tonnelier, organiste de l'\u00e9glise ND de Saint-Mand\u00e9 (94) et M\u00e9lissa COX, violon<\/p>\n<p>Programme : en attente<\/p>\n<p>Libre participation aux frais<\/p>\n<\/blockquote>\n<blockquote>\n<p>&nbsp;<\/p>\n<p>&nbsp;<\/p>\n<p>&nbsp;<\/p>\n<p>&nbsp;<\/p>\n<p>&nbsp;<\/p>\n<p>&nbsp;<\/p>\n<p><strong>Samedi 25 juin 2023 \u00e0 20 h 30 - R\u00e9cital<\/strong><\/p>\n<p><img loading=\"lazy\" decoding=\"async\" src=\"https:\/\/stlouisvincennes.fr\/wp-content\/uploads\/2022\/09\/maxresdefault-2.jpg\" alt=\"\" width=\"329\" height=\"185\" class=\"wp-image-1046 alignleft\" srcset=\"https:\/\/stlouisvincennes.fr\/wp-content\/uploads\/2022\/09\/maxresdefault-2.jpg 1280w, https:\/\/stlouisvincennes.fr\/wp-content\/uploads\/2022\/09\/maxresdefault-2-300x169.jpg 300w, https:\/\/stlouisvincennes.fr\/wp-content\/uploads\/2022\/09\/maxresdefault-2-1024x576.jpg 1024w, https:\/\/stlouisvincennes.fr\/wp-content\/uploads\/2022\/09\/maxresdefault-2-768x432.jpg 768w\" sizes=\"auto, (max-width: 329px) 100vw, 329px\" \/><\/p>\n<p>(organiste \u00e0 venir)<\/p>\n<p>Programme : en attente<\/p>\n<p>Libre participatio<\/p>\n<\/blockquote>\n<p>&nbsp;<\/p>\n<p>&nbsp;<\/p>\n<p>&nbsp;<\/p>\n<p>Samedi 21 et Dimanche 22 septembre 2019\u00a0 - Journ\u00e9es Europ\u00e9ennes du Patrimoine<img loading=\"lazy\" decoding=\"async\" class=\"wp-image-479 alignright\" src=\"http:\/\/stlouisvincennes.fr\/wp-content\/uploads\/2018\/04\/SLV-coul-HD-237x300.jpg\" alt=\"\" width=\"21\" height=\"27\" \/><\/p>\n<pre><img loading=\"lazy\" decoding=\"async\" class=\"wp-image-756 alignleft\" src=\"http:\/\/stlouisvincennes.fr\/wp-content\/uploads\/2019\/07\/Affiche-JEP-2019_large.jpg\" alt=\"\" width=\"178\" height=\"268\" srcset=\"https:\/\/stlouisvincennes.fr\/wp-content\/uploads\/2019\/07\/Affiche-JEP-2019_large.jpg 293w, https:\/\/stlouisvincennes.fr\/wp-content\/uploads\/2019\/07\/Affiche-JEP-2019_large-200x300.jpg 200w\" sizes=\"auto, (max-width: 178px) 100vw, 178px\" \/>\nSamedi 21\/09\n10 h 30 Visite guid\u00e9e de l'\u00e9glise Saint-Louis\n15 h 30 Visite guid\u00e9e de l'\u00e9glise Saint-Louis\n20 h 30 Choeur St Louis de Vincennes (dir. Stanislas Pavilek- Orgue, Anne-Adeline Lamy<em>\n<\/em>Dimanche 16\/09 \n16 h Visite guid\u00e9e de l'\u00e9glise Saint-Louis\n<strong><em>Pour les visites, rendez-vous devant l\u2019\u00e9glise, 16 rue Fa\u00ffs \u00e0 Vincennes<\/em><\/strong>\n\nPlus d'information <a href=\"http:\/\/stlouisvincennes.fr\/wp-content\/uploads\/2019\/07\/JEP-2019-\u00e0-SLV.pdf\">ici<\/a><\/pre>\n<p><em>\u00a0<\/em><\/p>\n<p>Samedi 5 Octobre 2019 \u00e0 20 h 30 - Concert -<img loading=\"lazy\" decoding=\"async\" src=\"http:\/\/stlouisvincennes.fr\/wp-content\/uploads\/2019\/10\/annule-espacemagnan-com.png\" alt=\"\" class=\"wp-image-787 alignleft\" width=\"109\" height=\"69\" \/><img loading=\"lazy\" decoding=\"async\" class=\"wp-image-504 alignright\" src=\"http:\/\/stlouisvincennes.fr\/wp-content\/uploads\/2018\/06\/logoverticalDegrade-1.jpg\" alt=\"\" width=\"21\" height=\"29\" \/><\/p>\n<pre><a href=\"http:\/\/stlouisvincennes.fr\/wp-content\/uploads\/2019\/09\/affiche-191005-page-001.jpg\"><img loading=\"lazy\" decoding=\"async\" src=\"http:\/\/stlouisvincennes.fr\/wp-content\/uploads\/2019\/09\/affiche-191005-page-001.jpg\" alt=\"\" class=\"alignleft wp-image-783\" width=\"207\" height=\"293\" srcset=\"https:\/\/stlouisvincennes.fr\/wp-content\/uploads\/2019\/09\/affiche-191005-page-001.jpg 1240w, https:\/\/stlouisvincennes.fr\/wp-content\/uploads\/2019\/09\/affiche-191005-page-001-212x300.jpg 212w, https:\/\/stlouisvincennes.fr\/wp-content\/uploads\/2019\/09\/affiche-191005-page-001-768x1086.jpg 768w, https:\/\/stlouisvincennes.fr\/wp-content\/uploads\/2019\/09\/affiche-191005-page-001-724x1024.jpg 724w\" sizes=\"auto, (max-width: 207px) 100vw, 207px\" \/><\/a>\nOrgue et saxophone\nSophie POULIN de COURVAL, saxophone\nJacques BOUCHER, titulaire des orgues de l'\u00e9glise Saint-Jean-Baptiste de Montr\u00e9al\n\nProgramme : en attente\nLibre participation aux frais\n<\/pre>\n<p>&nbsp;<\/p>\n<p>&nbsp;<\/p>\n<p>&nbsp;<\/p>\n<p>Samedi 12 octobre 2019 \u00e0 20 h<em> 30 -\u00a0 Concert<\/em><img loading=\"lazy\" decoding=\"async\" class=\"wp-image-479 alignright\" src=\"http:\/\/stlouisvincennes.fr\/wp-content\/uploads\/2018\/04\/SLV-coul-HD-237x300.jpg\" alt=\"\" width=\"21\" height=\"27\" \/><\/p>\n<pre><img loading=\"lazy\" decoding=\"async\" class=\"wp-image-759 alignleft\" src=\"http:\/\/stlouisvincennes.fr\/wp-content\/uploads\/2019\/07\/arton49716-d1ff9.jpg\" alt=\"\" width=\"182\" height=\"163\" srcset=\"https:\/\/stlouisvincennes.fr\/wp-content\/uploads\/2019\/07\/arton49716-d1ff9.jpg 1000w, https:\/\/stlouisvincennes.fr\/wp-content\/uploads\/2019\/07\/arton49716-d1ff9-300x269.jpg 300w, https:\/\/stlouisvincennes.fr\/wp-content\/uploads\/2019\/07\/arton49716-d1ff9-768x687.jpg 768w\" sizes=\"auto, (max-width: 182px) 100vw, 182px\" \/>\nChoeur liturgique de Notre-Dame de Vincennes\nProgramme : en attente\n<em>Libre participation aux frais<\/em><\/pre>\n<p>&nbsp;<\/p>\n<p>&nbsp;<\/p>\n<p>Dimanche 10 novembre 2019 \u00e0 16 h<i> - <\/i>Concert<img loading=\"lazy\" decoding=\"async\" class=\"wp-image-504 alignright\" src=\"http:\/\/stlouisvincennes.fr\/wp-content\/uploads\/2018\/06\/logoverticalDegrade-1.jpg\" alt=\"\" width=\"21\" height=\"29\" \/><\/p>\n<pre><img loading=\"lazy\" decoding=\"async\" class=\"wp-image-760 alignleft\" src=\"http:\/\/stlouisvincennes.fr\/wp-content\/uploads\/2019\/07\/didier-hennuyer-a-su-mettre-en-valeur-les-possibilites-de_2034243.jpg\" alt=\"\" width=\"119\" height=\"131\" srcset=\"https:\/\/stlouisvincennes.fr\/wp-content\/uploads\/2019\/07\/didier-hennuyer-a-su-mettre-en-valeur-les-possibilites-de_2034243.jpg 366w, https:\/\/stlouisvincennes.fr\/wp-content\/uploads\/2019\/07\/didier-hennuyer-a-su-mettre-en-valeur-les-possibilites-de_2034243-272x300.jpg 272w\" sizes=\"auto, (max-width: 119px) 100vw, 119px\" \/>Didier Hennuyer, titulaire cath\u00e9drale de Boulogne-s\/mer\nProgramme :Oeuvres des organistes Parisiens du XX\u00e8me si\u00e8cle.\nFleury, Alain, Guilmant, Tournemire, Vierne, Dupr\u00e9 et Jolivet.\n\nLibre participation aux frais<\/pre>\n<table width=\"940\" height=\"54\" cellspacing=\"0\" cellpadding=\"0\" border=\"0\">\n<tbody>\n<tr>\n<td width=\"30\"><\/td>\n<td><\/td>\n<\/tr>\n<\/tbody>\n<\/table>\n<div><\/div>\n<p><a id=\"#recitaldecembre\"><\/a><br \/>\nSamedi 14 d\u00e9cembre 2019 \u00e0 20 h 30<em>- <\/em>R\u00e9cital<img loading=\"lazy\" decoding=\"async\" class=\"wp-image-504 alignright\" src=\"http:\/\/stlouisvincennes.fr\/wp-content\/uploads\/2018\/06\/logoverticalDegrade-1-218x300.jpg\" alt=\"\" width=\"21\" height=\"29\" \/><\/p>\n<pre><img loading=\"lazy\" decoding=\"async\" class=\"wp-image-761 alignleft\" src=\"http:\/\/stlouisvincennes.fr\/wp-content\/uploads\/2019\/07\/photo-01.jpg\" alt=\"\" width=\"194\" height=\"146\" srcset=\"https:\/\/stlouisvincennes.fr\/wp-content\/uploads\/2019\/07\/photo-01.jpg 800w, https:\/\/stlouisvincennes.fr\/wp-content\/uploads\/2019\/07\/photo-01-300x225.jpg 300w, https:\/\/stlouisvincennes.fr\/wp-content\/uploads\/2019\/07\/photo-01-768x576.jpg 768w\" sizes=\"auto, (max-width: 194px) 100vw, 194px\" \/>Thomas MONNET, titulaire de l\u2019orgue Cavaill\u00e9-Coll de Saint-Maurice-de-B\u00e9con\nProgramme : \"Nativit\u00e9 et Renouveau\"\ndu Caurroy, Balbastre, Dupr\u00e9, Messiaen, J.Alain\n\nLibre participation aux frais\n\n<\/pre>\n<p>Dimanche 1er mars 2020 \u00e0 16 h <em>- <\/em>R\u00e9cital<img loading=\"lazy\" decoding=\"async\" class=\"wp-image-504 alignright\" src=\"http:\/\/stlouisvincennes.fr\/wp-content\/uploads\/2018\/06\/logoverticalDegrade-1-218x300.jpg\" alt=\"\" width=\"21\" height=\"29\" \/><\/p>\n<pre><a href=\"https:\/\/stlouisvincennes.fr\/wp-content\/uploads\/2019\/12\/Loreto-Aramendi_970x546-768x432.jpg\"><img loading=\"lazy\" decoding=\"async\" src=\"https:\/\/stlouisvincennes.fr\/wp-content\/uploads\/2019\/12\/Loreto-Aramendi_970x546-768x432.jpg\" alt=\"\" class=\"alignleft wp-image-916\" width=\"260\" height=\"146\" srcset=\"https:\/\/stlouisvincennes.fr\/wp-content\/uploads\/2019\/12\/Loreto-Aramendi_970x546-768x432.jpg 768w, https:\/\/stlouisvincennes.fr\/wp-content\/uploads\/2019\/12\/Loreto-Aramendi_970x546-768x432-300x169.jpg 300w\" sizes=\"auto, (max-width: 260px) 100vw, 260px\" \/><\/a>Loreto ARAMENDI, organiste titulaire \u00e0 la Basilique Santa Mar\u00eda del Coro \u00e0 San Sebastian (Espagne) \nProgramme : \"Transcriptions pour orgue, un nouvel univers sonore\"\nBuxtehude, Rachmaninov, Liszt, Saint-Sa\u00ebns, Faur\u00e9, Messiaen, Ligeti, Tournemire\n\nLibre participation aux frais\n\n\n<\/pre>\n<p>Dimanche 22 mars 2020 \u00e0 16 h <em>- <\/em>R\u00e9cital<img loading=\"lazy\" decoding=\"async\" class=\"wp-image-504 alignright\" src=\"http:\/\/stlouisvincennes.fr\/wp-content\/uploads\/2018\/06\/logoverticalDegrade-1-218x300.jpg\" alt=\"\" width=\"21\" height=\"29\" \/><br \/>\n<a href=\"https:\/\/stlouisvincennes.fr\/wp-content\/uploads\/2020\/01\/lueders_01-1.jpg\"><img loading=\"lazy\" decoding=\"async\" src=\"https:\/\/stlouisvincennes.fr\/wp-content\/uploads\/2020\/01\/lueders_01-1.jpg\" alt=\"\" class=\" wp-image-938 alignleft\" width=\"125\" height=\"175\" srcset=\"https:\/\/stlouisvincennes.fr\/wp-content\/uploads\/2020\/01\/lueders_01-1.jpg 426w, https:\/\/stlouisvincennes.fr\/wp-content\/uploads\/2020\/01\/lueders_01-1-213x300.jpg 213w\" sizes=\"auto, (max-width: 125px) 100vw, 125px\" \/><\/a><br \/>\nKurt Lueders : organiste titulaire de l'\u00e9glise r\u00e9form\u00e9e du Saint Esprit, Paris<br \/>\nProgramme : en attente<\/p>\n<p>Libre participation aux frais<\/p>\n<p>&nbsp;<\/p>\n<p>&nbsp;<\/p>\n<p>Dimanche 17 mai 2020 \u00e0 16 h <em>- <\/em>R\u00e9cital<img loading=\"lazy\" decoding=\"async\" class=\"wp-image-504 alignright\" src=\"http:\/\/stlouisvincennes.fr\/wp-content\/uploads\/2018\/06\/logoverticalDegrade-1-218x300.jpg\" alt=\"\" width=\"21\" height=\"29\" \/><\/p>\n<p><a href=\"https:\/\/stlouisvincennes.fr\/wp-content\/uploads\/2020\/03\/les-mardis-de-l-orgue-s-acheveront-avec-un-recital-de_2503084.jpg\"><img loading=\"lazy\" decoding=\"async\" src=\"https:\/\/stlouisvincennes.fr\/wp-content\/uploads\/2020\/03\/les-mardis-de-l-orgue-s-acheveront-avec-un-recital-de_2503084.jpg\" alt=\"\" class=\"wp-image-946 alignleft\" width=\"149\" height=\"207\" srcset=\"https:\/\/stlouisvincennes.fr\/wp-content\/uploads\/2020\/03\/les-mardis-de-l-orgue-s-acheveront-avec-un-recital-de_2503084.jpg 433w, https:\/\/stlouisvincennes.fr\/wp-content\/uploads\/2020\/03\/les-mardis-de-l-orgue-s-acheveront-avec-un-recital-de_2503084-217x300.jpg 217w\" sizes=\"auto, (max-width: 149px) 100vw, 149px\" \/><\/a><\/p>\n<p>Vincent Rigot : Organiste de choeur de l'\u00e9glise Saint-Nicolas-du-Chardonnet<\/p>\n<p>Programme : en attente<\/p>\n<p>Libre participation aux frais<\/p>\n<p>&nbsp;<\/p>\n<p>&nbsp;<\/p>\n<p>Samedi 5 juin 2020 \u00e0 20 h<em> 45 -\u00a0 Concert<\/em><img loading=\"lazy\" decoding=\"async\" class=\"wp-image-479 alignright\" src=\"http:\/\/stlouisvincennes.fr\/wp-content\/uploads\/2018\/04\/SLV-coul-HD-237x300.jpg\" alt=\"\" width=\"21\" height=\"27\" \/><\/p>\n<pre><a href=\"https:\/\/stlouisvincennes.fr\/wp-content\/uploads\/2020\/01\/54729002_1709702345797421_1123012494818803712_o.jpg\"><img loading=\"lazy\" decoding=\"async\" class=\"wp-image-937 alignleft\" src=\"https:\/\/stlouisvincennes.fr\/wp-content\/uploads\/2020\/01\/54729002_1709702345797421_1123012494818803712_o.jpg\" alt=\"\" width=\"167\" height=\"175\" srcset=\"https:\/\/stlouisvincennes.fr\/wp-content\/uploads\/2020\/01\/54729002_1709702345797421_1123012494818803712_o.jpg 915w, https:\/\/stlouisvincennes.fr\/wp-content\/uploads\/2020\/01\/54729002_1709702345797421_1123012494818803712_o-286x300.jpg 286w, https:\/\/stlouisvincennes.fr\/wp-content\/uploads\/2020\/01\/54729002_1709702345797421_1123012494818803712_o-768x806.jpg 768w\" sizes=\"auto, (max-width: 167px) 100vw, 167px\" \/><\/a>\nChoeur Saint-Louis de Vincennes\nProgramme : en attente\n<em>Libre participation aux frais\n\n\n\n\n\n<\/em><\/pre>\n<p>Samedi 13 juin 2020 \u00e0 20 h<em> 45 -\u00a0 Concert<\/em><img loading=\"lazy\" decoding=\"async\" class=\"wp-image-479 alignright\" src=\"http:\/\/stlouisvincennes.fr\/wp-content\/uploads\/2018\/04\/SLV-coul-HD-237x300.jpg\" alt=\"\" width=\"21\" height=\"27\" \/><\/p>\n<pre><a href=\"https:\/\/stlouisvincennes.fr\/wp-content\/uploads\/2020\/01\/capture-decran-2018-04-09-a_med.png\"><img loading=\"lazy\" decoding=\"async\" class=\"wp-image-942 size-full alignleft\" src=\"https:\/\/stlouisvincennes.fr\/wp-content\/uploads\/2020\/01\/capture-decran-2018-04-09-a_med.png\" alt=\"\" width=\"200\" height=\"147\" \/><\/a>Choeur Chanter Compagnie des As\ndir. Isabelle Boulay\nProgramme : en attente\n<\/pre>\n<p>&nbsp;<\/p>\n<p>&nbsp;<\/p>\n<p>D\u00e9but juillet 2020 (Annul\u00e9)<img loading=\"lazy\" decoding=\"async\" class=\"wp-image-504 alignright\" src=\"http:\/\/stlouisvincennes.fr\/wp-content\/uploads\/2018\/06\/logoverticalDegrade-1-218x300.jpg\" alt=\"\" width=\"21\" height=\"29\" \/><\/p>\n<pre><a href=\"https:\/\/stlouisvincennes.fr\/wp-content\/uploads\/2018\/06\/resizer.jpg\"><img loading=\"lazy\" decoding=\"async\" src=\"https:\/\/stlouisvincennes.fr\/wp-content\/uploads\/2018\/06\/resizer.jpg\" alt=\"\" class=\"wp-image-486 size-full alignleft\" width=\"141\" height=\"191\" \/><\/a>\nNuit des \u00e9glises\nProgramme : en attente\n\nLibre participation aux frais<\/pre>\n<p>&nbsp;<\/p>\n<p>&nbsp;<\/p>\n<p>Samedi 15 et Dimanche 16 septembre 2018\u00a0 - Journ\u00e9es Europ\u00e9ennes du Patrimoine<img loading=\"lazy\" decoding=\"async\" class=\"wp-image-504 alignright\" src=\"http:\/\/stlouisvincennes.fr\/wp-content\/uploads\/2018\/06\/logoverticalDegrade-1-218x300.jpg\" alt=\"\" width=\"21\" height=\"29\" \/><\/p>\n<pre><img loading=\"lazy\" decoding=\"async\" class=\"wp-image-527 alignleft\" src=\"http:\/\/stlouisvincennes.fr\/wp-content\/uploads\/2018\/09\/JEP-2018-sit-300x188.jpg\" alt=\"\" width=\"249\" height=\"156\" srcset=\"https:\/\/stlouisvincennes.fr\/wp-content\/uploads\/2018\/09\/JEP-2018-sit-300x188.jpg 300w, https:\/\/stlouisvincennes.fr\/wp-content\/uploads\/2018\/09\/JEP-2018-sit-768x480.jpg 768w, https:\/\/stlouisvincennes.fr\/wp-content\/uploads\/2018\/09\/JEP-2018-sit.jpg 1000w\" sizes=\"auto, (max-width: 249px) 100vw, 249px\" \/>Samedi 15\/09\n10h30 Visite guid\u00e9e de l'\u00e9glise Saint-Louis\n15h30 Visite guid\u00e9e de l'\u00e9glise Saint-Louis\n20h30 R\u00e9cital d'orgue par Fran\u00e7ois MAZOU\u00cbR\n<em>Programme : Bach - Buxtehude - Tournemire - Alain - Langlais<\/em>\n<em>(Libre participation aux frais)\n\n<\/em>Dimanche 16\/09 \n16h Visite guid\u00e9e de l'\u00e9glise Saint-Louis<\/pre>\n<p><em>\u00a0<\/em><\/p>\n<p>Septembre \/ Octobre 2018 - Concert<img loading=\"lazy\" decoding=\"async\" class=\"wp-image-504 alignright\" src=\"http:\/\/stlouisvincennes.fr\/wp-content\/uploads\/2018\/06\/logoverticalDegrade-1-218x300.jpg\" alt=\"\" width=\"21\" height=\"29\" \/><\/p>\n<pre><img loading=\"lazy\" decoding=\"async\" class=\" wp-image-462 alignleft\" src=\"http:\/\/stlouisvincennes.fr\/wp-content\/uploads\/2018\/04\/gse_multipart4481-1-150x150.jpg\" alt=\"Choeur g\u00e9grorien f\u00e9minin de Paris\" width=\"117\" height=\"117\" \/>\nChoeur F\u00e9minin gr\u00e9gorien de Paris\nHenri de ROHAN-CZERMAK, Eglise Saint-Germain-l'Auxerrois, Paris\nOffice de la r\u00e9surrection de Tournemire\nPromotion du CD enregistr\u00e9 \u00e0 Saint-louis de Vincennes<\/pre>\n<p>Samedi 10 novembre 2018 \u00e0 15h<em> - <\/em>R\u00e9cital<img loading=\"lazy\" decoding=\"async\" class=\"wp-image-504 alignright\" src=\"http:\/\/stlouisvincennes.fr\/wp-content\/uploads\/2018\/06\/logoverticalDegrade-1-218x300.jpg\" alt=\"\" width=\"21\" height=\"29\" \/><\/p>\n<pre><img loading=\"lazy\" decoding=\"async\" class=\"alignleft wp-image-463\" src=\"http:\/\/stlouisvincennes.fr\/wp-content\/uploads\/2018\/04\/2013-05-21_duo_flute_et_orgue_isabelle_hebrard_et_jean-yves_lacorne.300-150x150.jpg\" alt=\"Duo Fl\u00fbte orgue\" width=\"123\" height=\"123\" \/>\nIsabelle HEBRARD, fl\u00fbte traversi\u00e8re\nJean-Yves LACORNE, Cath\u00e9drale de Choisy-le-Roi, Val de Marne\n\nProgramme : Guilain, Godard, Hue, Piazzola, le sentier des limbes de Pascal Franck\n\n<em>Libre paticipation aux frais<\/em><\/pre>\n<p><em>\u00a0<\/em><\/p>\n<div id=\"concertinouis\"><\/div>\n<p><a id=\"#concertinouis\"><\/a><br \/>\nVendredi 23 novembre 2018 \u00e0 20h30<i> - <\/i>Concert<img loading=\"lazy\" decoding=\"async\" class=\" wp-image-476 alignright\" src=\"http:\/\/stlouisvincennes.fr\/wp-content\/uploads\/2018\/04\/aide-a-domicile-vincennes-300x61.jpg\" alt=\"\" width=\"152\" height=\"31\" \/><\/p>\n<pre><img loading=\"lazy\" decoding=\"async\" class=\"alignleft wp-image-467\" src=\"http:\/\/stlouisvincennes.fr\/wp-content\/uploads\/2018\/04\/125_125_1-vignette-inouis-052017.jpg\" alt=\"\" width=\"130\" height=\"130\" \/>\nCuivre et orgue\nConcert de la s\u00e9rie \"Inou\u00efs\" du Conservatoire de Vincennes\n\nEntr\u00e9e : 5\u20ac (gratuit pour les \u00e9l\u00e8ves du conservatoire de Vincennes)\n<strong>R\u00e9servation conseill\u00e9e <\/strong>au 01 43 98 68 68 - <a class=\"email\" href=\"mailto:conservatoire@vincennes.fr\">conservatoire@vincennes.fr<\/a>\nRenseignements : <a href=\"https:\/\/www.vincennes.fr\/Agenda\/Culture-sports-loisirs\/Conservatoire\/Les-Inouis-de-Vincennes-In-memoriam\">ici<\/a><\/pre>\n<div id=\"recitaldecembre\"><\/div>\n<p><a id=\"#recitaldecembre\"><\/a><br \/>\nDimanche 2 d\u00e9cembre 2018 \u00e0 16h<em> - <\/em>R\u00e9cital<img loading=\"lazy\" decoding=\"async\" class=\"wp-image-504 alignright\" src=\"http:\/\/stlouisvincennes.fr\/wp-content\/uploads\/2018\/06\/logoverticalDegrade-1-218x300.jpg\" alt=\"\" width=\"21\" height=\"29\" \/><\/p>\n<pre><img loading=\"lazy\" decoding=\"async\" class=\"wp-image-465 alignleft\" src=\"http:\/\/stlouisvincennes.fr\/wp-content\/uploads\/2018\/04\/9d9484_5b7db21ba4764fc487db9625793529c8-300x170.jpg\" alt=\"Jean Guilcher\" width=\"205\" height=\"116\" srcset=\"https:\/\/stlouisvincennes.fr\/wp-content\/uploads\/2018\/04\/9d9484_5b7db21ba4764fc487db9625793529c8-300x170.jpg 300w, https:\/\/stlouisvincennes.fr\/wp-content\/uploads\/2018\/04\/9d9484_5b7db21ba4764fc487db9625793529c8.jpg 395w\" sizes=\"auto, (max-width: 205px) 100vw, 205px\" \/>\nJean GUILCHER, organiste \u00e0 Saint-Pierre de Charenton-le-Pont\n\nProgramme : Frescobaldi- Bach - Buxtehude - Lef\u00e9bure-W\u00e9ly - Satie - B\u00e9lier\n<em>Libre participation aux frais<\/em><\/pre>\n<div id=\"concertdecembre\"><\/div>\n<p><a id=\"#concertdecembre\"><\/a><br \/>\nVendredi 14 d\u00e9cembre 2018 \u00e0 20h<em> - <\/em>Concert<img loading=\"lazy\" decoding=\"async\" class=\"wp-image-504 alignright\" src=\"http:\/\/stlouisvincennes.fr\/wp-content\/uploads\/2018\/06\/logoverticalDegrade-1-218x300.jpg\" alt=\"\" width=\"21\" height=\"29\" \/><\/p>\n<pre><em><img loading=\"lazy\" decoding=\"async\" class=\"alignleft wp-image-464\" src=\"http:\/\/stlouisvincennes.fr\/wp-content\/uploads\/2018\/04\/12004004_10153679219713623_7036007500121031229_n-150x150.jpg\" alt=\"Logo Stonatrilla\" width=\"116\" height=\"103\" srcset=\"https:\/\/stlouisvincennes.fr\/wp-content\/uploads\/2018\/04\/12004004_10153679219713623_7036007500121031229_n-300x266.jpg 300w, https:\/\/stlouisvincennes.fr\/wp-content\/uploads\/2018\/04\/12004004_10153679219713623_7036007500121031229_n-768x682.jpg 768w, https:\/\/stlouisvincennes.fr\/wp-content\/uploads\/2018\/04\/12004004_10153679219713623_7036007500121031229_n.jpg 809w\" sizes=\"auto, (max-width: 116px) 100vw, 116px\" \/>\n<\/em>Ensemble Vocal Stonatrilla\nEnsemble orchestral Oppera\nOratoriu di e Petre Cutrate \n<\/pre>\n<div id=\"concertjanvier\"><\/div>\n<p><a id=\"#concertjanvier\"><\/a><br \/>\nDimanche 13 janvier 2019 \u00e0 16h<em> - <\/em>Concert<img loading=\"lazy\" decoding=\"async\" class=\"wp-image-504 alignright\" src=\"http:\/\/stlouisvincennes.fr\/wp-content\/uploads\/2018\/06\/logoverticalDegrade-1-218x300.jpg\" alt=\"\" width=\"21\" height=\"29\" \/><\/p>\n<pre><em><img loading=\"lazy\" decoding=\"async\" class=\" wp-image-617 alignleft\" src=\"http:\/\/stlouisvincennes.fr\/wp-content\/uploads\/2018\/12\/6182_349488161841727_4109813486051077795_n.jpg\" alt=\"\" width=\"157\" height=\"109\" \/><\/em>\nChoeur gr\u00e9gorien de Brie-Comte-Robert\nFran\u00e7ois Mazou\u00ebr, orgue\n\nProgramme : No\u00ebls anciens et No\u00ebls pour orgue\n<em>Entr\u00e9e libre<\/em>\n<\/pre>\n<div id=\"concertmars\"><\/div>\n<p align=\"CENTER\">Vendredi 22 et Samedi 23 mars 2019 - Festival d'orgue<img loading=\"lazy\" decoding=\"async\" class=\"wp-image-504 alignright\" src=\"http:\/\/stlouisvincennes.fr\/wp-content\/uploads\/2018\/06\/logoverticalDegrade-1-218x300.jpg\" alt=\"\" width=\"21\" height=\"29\" \/><\/p>\n<pre><em><img loading=\"lazy\" decoding=\"async\" class=\" wp-image-468 alignleft\" src=\"http:\/\/stlouisvincennes.fr\/wp-content\/uploads\/2018\/04\/logo@2x.jpg\" alt=\"\" width=\"115\" height=\"83\" \/><\/em><strong>Festival d'orgue<\/strong>\n22\/03 \u00e0 20h : Eric Lebrun\n22\/03 \u00e0 21h : Thomas Ospital\n23\/03 \u00e0 15h : Lucile Dollat\n23\/03 \u00e0 20h : Christian Ott\n23\/03 \u00e0 21h : Thierry Escaich\n<a href=\"https:\/\/www.primalamusica.fr\/fr\/Accueil.htm\">Renseignements et r\u00e9servations : Prima La Musica<\/a>\n<\/pre>\n<p>Vendredi 31 mai 2019 - Concert<img loading=\"lazy\" decoding=\"async\" class=\" wp-image-479 alignright\" src=\"http:\/\/stlouisvincennes.fr\/wp-content\/uploads\/2018\/04\/SLV-coul-HD-237x300-150x150.jpg\" alt=\"\" width=\"31\" height=\"31\" srcset=\"https:\/\/stlouisvincennes.fr\/wp-content\/uploads\/2018\/04\/SLV-coul-HD-237x300-150x150.jpg 150w, https:\/\/stlouisvincennes.fr\/wp-content\/uploads\/2018\/04\/SLV-coul-HD-237x300-237x240.jpg 237w\" sizes=\"auto, (max-width: 31px) 100vw, 31px\" \/><\/p>\n<pre><strong><a href=\"http:\/\/www.choeursaintlouis.com\/\"><img loading=\"lazy\" decoding=\"async\" class=\"wp-image-469 alignleft\" src=\"http:\/\/stlouisvincennes.fr\/wp-content\/uploads\/2018\/04\/Les_202_20Choeurs_2026_20Mai_202017-7-300x192.jpg\" alt=\"\" width=\"181\" height=\"116\" srcset=\"https:\/\/stlouisvincennes.fr\/wp-content\/uploads\/2018\/04\/Les_202_20Choeurs_2026_20Mai_202017-7-300x192.jpg 300w, https:\/\/stlouisvincennes.fr\/wp-content\/uploads\/2018\/04\/Les_202_20Choeurs_2026_20Mai_202017-7.jpg 333w\" sizes=\"auto, (max-width: 181px) 100vw, 181px\" \/><\/a><\/strong>\nChoeur Saint-Louis de Vincennes\nChorale de Castrop-Rauxel<\/pre>\n<p>Samedi 29 juin 2019 \u00e0 20 h<em> - <\/em>Nuit des \u00c9glises<img loading=\"lazy\" decoding=\"async\" class=\"wp-image-504 alignright\" src=\"http:\/\/stlouisvincennes.fr\/wp-content\/uploads\/2018\/06\/logoverticalDegrade-1-218x300.jpg\" alt=\"\" width=\"21\" height=\"29\" \/><strong><br \/>\n<\/strong><\/p>\n<pre><em><a href=\"http:\/\/www.narthex.fr\/nuit-des-eglises\/a-propos\"><img loading=\"lazy\" decoding=\"async\" class=\"wp-image-423 alignleft\" src=\"http:\/\/stlouisvincennes.fr\/wp-content\/uploads\/2018\/01\/TVsj8bhzE8Of7YPXNY2bVaTSjMTdWv8XJuOMW2rUYZayIAgGxPi_45kqlIQ3W9rpz4gouoR335acRucUNrZZLwgSQs0-d-e1-ft-97x150.jpg\" alt=\"\" width=\"72\" height=\"111\" \/><\/a><\/em>\nStagiaires de Francifol\n\u00c9l\u00e8ves du CRR de Saint-Maur-des-Foss\u00e9s\n<a href=\"http:\/\/stlouisvincennes.fr\/wp-content\/uploads\/2019\/06\/affiche-190629.pdf\">affiche\n<\/a><\/pre>\n<p>&nbsp;<\/p>\n<p>&nbsp;<\/p>\n<p>Samedi 16 septembre 2017 \u00e0 20h30 - Journ\u00e9es Europ\u00e9ennes du Patrimoine<\/p>\n<p><img loading=\"lazy\" decoding=\"async\" class=\"size-full wp-image-127 alignleft\" src=\"http:\/\/stlouisvincennes.fr\/wp-content\/uploads\/2017\/09\/image-1.jpeg\" alt=\"\" width=\"181\" height=\"71\" \/><\/p>\n<p>Anne-Adeline LAMY &amp; Fran\u00e7ois MAZOU\u00cbR, titulaires<br \/>\n<em>Libre participation aux frais<\/em><\/p>\n<hr \/>\n<p>Dimanche 15 octobre 2017 \u00e0 16h00<em> - <\/em>R\u00e9cital<\/p>\n<p><img loading=\"lazy\" decoding=\"async\" class=\"alignleft wp-image-90\" src=\"http:\/\/stlouisvincennes.fr\/wp-content\/uploads\/2017\/09\/15895193_1634604146836228_995837823081360448_n-300x300.jpg\" alt=\"Jean-Luc Thellin\" width=\"100\" height=\"100\" srcset=\"https:\/\/stlouisvincennes.fr\/wp-content\/uploads\/2017\/09\/15895193_1634604146836228_995837823081360448_n-300x300.jpg 300w, https:\/\/stlouisvincennes.fr\/wp-content\/uploads\/2017\/09\/15895193_1634604146836228_995837823081360448_n-150x150.jpg 150w, https:\/\/stlouisvincennes.fr\/wp-content\/uploads\/2017\/09\/15895193_1634604146836228_995837823081360448_n-768x768.jpg 768w, https:\/\/stlouisvincennes.fr\/wp-content\/uploads\/2017\/09\/15895193_1634604146836228_995837823081360448_n.jpg 960w\" sizes=\"auto, (max-width: 100px) 100vw, 100px\" \/><\/p>\n<p style=\"text-align: left;\">Jean-Luc THELLIN - titulaire de l'orgue de ND de Vincennes<br \/>\nProgramme : <span class=\"_4n-j _3cht fsl\" data-testid=\"event-permalink-details\">Bach sinfonia bwv 29<strong>, <\/strong>Durufl\u00e9: suite op 5, Vierne: naiades, Liszt: ad nos ad salutarem undam...<\/span><br \/>\n<em>Libre<\/em><em> participation aux frais<\/em><\/p>\n<hr \/>\n<p>Dimanche 12 novembre 2017 \u00e0 16h00<em> - <\/em>R\u00e9cital<\/p>\n<p><img loading=\"lazy\" decoding=\"async\" class=\"alignleft wp-image-140\" src=\"http:\/\/stlouisvincennes.fr\/wp-content\/uploads\/2017\/09\/image-3-150x150.jpeg\" alt=\"Etienne PIERRON\" width=\"120\" height=\"128\" \/>Reine-Gr\u00e2ce OTH-ESSIKE (Soprano)<br \/>\nEtienne PIERRON - titulaire de l'orgue <span class=\"st\">de St-Hilaire de St-Maur La Varenne<\/span><\/p>\n<p><em>Libre participation aux frais<\/em><\/p>\n<hr \/>\n<p>Samedi 9 d\u00e9cembre 2017 \u00e0 17h00<i> - <\/i>Pr\u00e9lude\u00a0Spirituel<\/p>\n<p><img loading=\"lazy\" decoding=\"async\" class=\"alignleft wp-image-132\" src=\"http:\/\/stlouisvincennes.fr\/wp-content\/uploads\/2017\/09\/image-2-150x150.jpeg\" alt=\"Anne-Adeline LAMY\" width=\"100\" height=\"104\" srcset=\"https:\/\/stlouisvincennes.fr\/wp-content\/uploads\/2017\/09\/image-2-289x300.jpeg 289w, https:\/\/stlouisvincennes.fr\/wp-content\/uploads\/2017\/09\/image-2-768x797.jpeg 768w, https:\/\/stlouisvincennes.fr\/wp-content\/uploads\/2017\/09\/image-2-987x1024.jpeg 987w, https:\/\/stlouisvincennes.fr\/wp-content\/uploads\/2017\/09\/image-2.jpeg 2000w\" sizes=\"auto, (max-width: 100px) 100vw, 100px\" \/>Anne-Adeline LAMY - organiste \u00e0 \u00a0Saint-Louis<span class=\"st\">\u00a0de Vincennes-St-Mand\u00e9<\/span><br \/>\nProgramme : pi\u00e8ces du temps de No\u00ebl<\/p>\n<hr \/>\n<p>Dimanche 14 janvier 2018 \u00e0 16h00<em> - <\/em>R\u00e9cital<br \/>\n<strong><img loading=\"lazy\" decoding=\"async\" class=\"alignleft wp-image-91\" src=\"http:\/\/stlouisvincennes.fr\/wp-content\/uploads\/2017\/09\/aubert-carre-300x300.jpg\" alt=\"Dominique AUBERT\" width=\"87\" height=\"87\" srcset=\"https:\/\/stlouisvincennes.fr\/wp-content\/uploads\/2017\/09\/aubert-carre-300x300.jpg 300w, https:\/\/stlouisvincennes.fr\/wp-content\/uploads\/2017\/09\/aubert-carre-150x150.jpg 150w, https:\/\/stlouisvincennes.fr\/wp-content\/uploads\/2017\/09\/aubert-carre.jpg 680w\" sizes=\"auto, (max-width: 87px) 100vw, 87px\" \/><\/strong>Dominique AUBERT - t<span class=\"st\"><span class=\"color_1\">itulaire de l\u2019orgue de l\u2019\u00e9glise <\/span><\/span><span class=\"st\"><span class=\"color_1\">Saint-Pierre de Chennevi\u00e8res-sur-Marne <\/span><\/span><br \/>\nProgramme : <em>Marin MARAIS (1656-1728), Joseph Hector FIOCCO (1703-1741), Wolfgang Amadeus MOZART (1756-1791), Johann-Sebastian BACH (1685-1750), Joseph ROUCAIROL (1918-1992), Guy MORANCON (1927), Jean-Paul L\u00c9COT (1947)<\/em><br \/>\n<em>Libre participation aux frais<\/em><\/p>\n<hr \/>\n<p><strong>Dimanche 11 f\u00e9vrier 2018 \u00e0 16h00<\/strong><em> - <\/em><strong>R\u00e9cital violon et orgue<\/strong><br \/>\nAng\u00e8le DIONNAU-KASSER, orgue - titulaire de Saint-Christophe de Cr\u00e9teil<strong><img loading=\"lazy\" decoding=\"async\" class=\" wp-image-98 alignleft\" src=\"http:\/\/stlouisvincennes.fr\/wp-content\/uploads\/2017\/09\/Sans-titre.png\" alt=\"\" width=\"158\" height=\"86\" \/><\/strong><br \/>\nSt\u00e9phane RULLI\u00c8RE, violon<br \/>\nProgramme : Guilmant- Bari\u00e9 - Widor - Hindemith - Bonnal<br \/>\n<em>Libre participation aux frais<\/em><\/p>\n<p>&nbsp;<\/p>\n<hr \/>\n<p><strong>Dimanche 25 mars 2018 \u00e0 16h00<\/strong><em> - <\/em><strong>Concert spirituel orgue et voix<br \/>\n<\/strong><br \/>\n<em><img loading=\"lazy\" decoding=\"async\" class=\"alignleft wp-image-132 size-thumbnail\" src=\"http:\/\/stlouisvincennes.fr\/wp-content\/uploads\/2017\/09\/image-2-150x150.jpeg\" alt=\"Anne-Adeline LAMY\" width=\"100\" height=\"100\" \/><\/em><br \/>\n<em>El\u00e9onore LEMAIRE (Soprano) - Caroline MENG (Mezzo-soprano) <\/em><br \/>\n<em>Anne-Adeline LAMY - organiste \u00e0 \u00a0Saint-Louis\u00a0<span class=\"st\">de Vincennes-St-Mand\u00e9<\/span><br \/>\n<\/em>Programme : Stabat Mater de Pergol\u00e8se<em><br \/>\nLibre participation aux frais<\/em><\/p>\n<hr \/>\n<p><strong>Dimanche 15 avril 2018 \u00e0 10h00<\/strong><i> - <\/i><b>Pr\u00e9lude<\/b><i>\u00a0<\/i><strong>spirituel<br \/>\n<\/strong><br \/>\n<strong><img loading=\"lazy\" decoding=\"async\" class=\"alignleft wp-image-100\" src=\"http:\/\/stlouisvincennes.fr\/wp-content\/uploads\/2017\/09\/Francois-Mazouer-2017-004-815x1024-239x300.jpg\" alt=\"Fran\u00e7ois MAZOU\u00cbR\" width=\"82\" height=\"103\" srcset=\"https:\/\/stlouisvincennes.fr\/wp-content\/uploads\/2017\/09\/Francois-Mazouer-2017-004-815x1024-239x300.jpg 239w, https:\/\/stlouisvincennes.fr\/wp-content\/uploads\/2017\/09\/Francois-Mazouer-2017-004-815x1024-768x965.jpg 768w, https:\/\/stlouisvincennes.fr\/wp-content\/uploads\/2017\/09\/Francois-Mazouer-2017-004-815x1024.jpg 815w\" sizes=\"auto, (max-width: 82px) 100vw, 82px\" \/><\/strong>Fran\u00e7ois MAZOU\u00cbR - organiste \u00e0 \u00a0Saint-Louis\u00a0<span class=\"st\">de Vincennes-St-Mand\u00e9<\/span><em><br \/>\n<\/em>Programme : Le temps de P\u00e2ques<em><br \/>\nLibre participation aux frais<\/em><\/p>\n<hr \/>\n<p><strong>Dimanche 13 mai 2018 \u00e0 16h00<\/strong>-<strong>Journ\u00e9e nationale de l'Orgue<\/strong><br \/>\n<strong><img loading=\"lazy\" decoding=\"async\" class=\"alignleft wp-image-106\" src=\"http:\/\/stlouisvincennes.fr\/wp-content\/uploads\/2017\/09\/J.tonnellier-1-221x300.png\" alt=\"J\u00e9r\u00f4me TONNELLIER\" width=\"76\" height=\"104\" srcset=\"https:\/\/stlouisvincennes.fr\/wp-content\/uploads\/2017\/09\/J.tonnellier-1-221x300.png 221w, https:\/\/stlouisvincennes.fr\/wp-content\/uploads\/2017\/09\/J.tonnellier-1.png 378w\" sizes=\"auto, (max-width: 76px) 100vw, 76px\" \/><\/strong><\/p>\n<p>J\u00e9r\u00f4me TONNELLIER - organiste \u00e0\u00a0 <span class=\"st\">ND d<\/span><span class=\"st\">e St-Mand\u00e9<\/span><br \/>\n<em>\u00a0<\/em>Programme : Concert avec pr\u00e9sentation de l'instrument<br \/>\n<em>\u00a0Libre participation aux frais<\/em><\/p>\n<hr \/>\n<p><strong>Mardi 3 juillet 2018 \u00e0 20h30<\/strong><em> - <\/em><strong>Nuit des \u00c9glises<\/strong><br \/>\n<em><a href=\"http:\/\/www.narthex.fr\/nuit-des-eglises\/a-propos\"><img loading=\"lazy\" decoding=\"async\" class=\"wp-image-423 alignleft\" src=\"http:\/\/stlouisvincennes.fr\/wp-content\/uploads\/2018\/01\/TVsj8bhzE8Of7YPXNY2bVaTSjMTdWv8XJuOMW2rUYZayIAgGxPi_45kqlIQ3W9rpz4gouoR335acRucUNrZZLwgSQs0-d-e1-ft-97x150.jpg\" alt=\"\" width=\"72\" height=\"111\" \/><\/a><\/em><\/p>\n<p><em>Carte blanche aux organistes d'Ivry-sur-Seine<\/em><\/p>\n<\/div>\n<\/div><\/div><\/div><\/div><div id=\"pg-59-1\"  class=\"panel-grid panel-no-style\" ><div id=\"pgc-59-1-0\"  class=\"panel-grid-cell panel-grid-cell-empty\" ><\/div><\/div><\/div>","protected":false},"excerpt":{"rendered":"<p>\u00c0 SAINT-LOUIS DE VINCENNES &nbsp; &nbsp; &nbsp; &nbsp; &nbsp; Samedi 17 septembre 2022 &#8211; Journ\u00e9es Europ\u00e9ennes du Patrimoine Concert d&rsquo;orgue \u00e0 20 h 30 Anne-Adeline Lamy et Fran\u00e7ois Mazou\u00ebr, organistes \u00e0 Stz\u00a0Louis de Vincennes. Libre participation aux frais &nbsp; &nbsp; &nbsp; &nbsp; &nbsp; Samedi 22 octobre 2022 \u00e0 20 h [&hellip;]<\/p>\n","protected":false},"author":2,"featured_media":0,"parent":0,"menu_order":8,"comment_status":"closed","ping_status":"closed","template":"page-templates\/template-fullwidth.php","meta":{"footnotes":""},"class_list":["post-59","page","type-page","status-publish","hentry"],"_links":{"self":[{"href":"https:\/\/stlouisvincennes.fr\/index.php\/wp-json\/wp\/v2\/pages\/59","targetHints":{"allow":["GET"]}}],"collection":[{"href":"https:\/\/stlouisvincennes.fr\/index.php\/wp-json\/wp\/v2\/pages"}],"about":[{"href":"https:\/\/stlouisvincennes.fr\/index.php\/wp-json\/wp\/v2\/types\/page"}],"author":[{"embeddable":true,"href":"https:\/\/stlouisvincennes.fr\/index.php\/wp-json\/wp\/v2\/users\/2"}],"replies":[{"embeddable":true,"href":"https:\/\/stlouisvincennes.fr\/index.php\/wp-json\/wp\/v2\/comments?post=59"}],"version-history":[{"count":112,"href":"https:\/\/stlouisvincennes.fr\/index.php\/wp-json\/wp\/v2\/pages\/59\/revisions"}],"predecessor-version":[{"id":1131,"href":"https:\/\/stlouisvincennes.fr\/index.php\/wp-json\/wp\/v2\/pages\/59\/revisions\/1131"}],"wp:attachment":[{"href":"https:\/\/stlouisvincennes.fr\/index.php\/wp-json\/wp\/v2\/media?parent=59"}],"curies":[{"name":"wp","href":"https:\/\/api.w.org\/{rel}","templated":true}]}}